{"id":17,"date":"2018-03-02T12:56:50","date_gmt":"2018-03-02T12:56:50","guid":{"rendered":"https:\/\/tagiberico.org\/?page_id=17"},"modified":"2025-07-24T09:27:59","modified_gmt":"2025-07-24T09:27:59","slug":"home","status":"publish","type":"page","link":"https:\/\/tagiberico.org\/","title":{"rendered":"Inicio"},"content":{"rendered":"\n<hr class=\"wp-block-separator has-css-opacity\"\/>\n\n\n\n<p class=\"has-primary-color has-text-color has-link-color has-large-font-size wp-elements-c4d68e858b8146b62c598568801240fc\"><strong>\u00a1Regress\u00e1mos a Portugal!<\/strong><\/p>\n\n\n\n<div style=\"height:50px\" aria-hidden=\"true\" class=\"wp-block-spacer\"><\/div>\n\n\n\n<p>O TAG IB\u00c9RICO teve tr\u00eas edi\u00e7\u00f5es. Iniciando-se em Carmona em 2018, passou para Lisboa em 2020 e, ap\u00f3s um per\u00edodo de incertezas, que impactou a vida de todos n\u00f3s, foi poss\u00edvel realizar o terceiro encontro em Seg\u00f3via, em 2024. Estes tr\u00eas eventos enriqueceram o di\u00e1logo entre colegas, da comunidade arqueol\u00f3gica ib\u00e9rica, sobre v\u00e1rios temas que perspetivam a Teoria como algo insepar\u00e1vel da Praxis. Em paralelo, permitiu aproximar a teoria arqueol\u00f3gica de jovens especialistas em forma\u00e7\u00e3o, tornando-se um evento reconhecidamente acess\u00edvel \u00e0 participa\u00e7\u00e3o. Agora, estamos de volta a Portugal, com a quarta edi\u00e7\u00e3o em <strong>\u00c9vora, de 5 a 7 de fevereiro de 2026<\/strong>. Junta-se a n\u00f3s?<\/p>\n\n\n\n<p>***<\/p>\n\n\n\n<p>El TAG Ib\u00e9rico ha tenido tres ediciones. Comenz\u00f3 en Carmona en 2018, se traslad\u00f3 a Lisboa en 2020 y, tras un per\u00edodo de incertidumbre que impact\u00f3 nuestras vidas, la tercera reuni\u00f3n se celebr\u00f3 en Segovia en 2024. Estos tres eventos enriquecieron el di\u00e1logo entre colegas de la comunidad arqueol\u00f3gica ib\u00e9rica sobre diversos temas que consideran la teor\u00eda inseparable de la pr\u00e1ctica. Al mismo tiempo, permitieron acercar la teor\u00eda arqueol\u00f3gica a j\u00f3venes especialistas en formaci\u00f3n, convirti\u00e9ndolo en un evento reconocido por su accesibilidad. Ahora, volvemos a Portugal, con la cuarta edici\u00f3n en <strong>\u00c9vora, los d\u00edas 5 a 7 de febrero de 2026<\/strong>. \u00bfNos acompa\u00f1\u00e1is?<\/p>\n\n\n\n<div style=\"height:125px\" aria-hidden=\"true\" class=\"wp-block-spacer\"><\/div>\n\n\n<div class=\"wp-block-image\">\n<figure class=\"aligncenter size-large\"><img loading=\"lazy\" decoding=\"async\" width=\"1024\" height=\"768\" src=\"https:\/\/tagiberico.org\/wp-content\/uploads\/2025\/07\/IMG_1735-1024x768.jpg\" alt=\"\" class=\"wp-image-281\" srcset=\"https:\/\/tagiberico.org\/wp-content\/uploads\/2025\/07\/IMG_1735-1024x768.jpg 1024w, https:\/\/tagiberico.org\/wp-content\/uploads\/2025\/07\/IMG_1735-300x225.jpg 300w, https:\/\/tagiberico.org\/wp-content\/uploads\/2025\/07\/IMG_1735-768x576.jpg 768w, https:\/\/tagiberico.org\/wp-content\/uploads\/2025\/07\/IMG_1735-1536x1152.jpg 1536w, https:\/\/tagiberico.org\/wp-content\/uploads\/2025\/07\/IMG_1735-2048x1536.jpg 2048w, https:\/\/tagiberico.org\/wp-content\/uploads\/2025\/07\/IMG_1735-1600x1200.jpg 1600w\" sizes=\"auto, (max-width: 1024px) 100vw, 1024px\" \/><\/figure>\n<\/div>\n\n\n<hr class=\"wp-block-separator has-alpha-channel-opacity\"\/>\n","protected":false},"excerpt":{"rendered":"<p>\u00a1Regress\u00e1mos a Portugal! O TAG IB\u00c9RICO teve tr\u00eas edi\u00e7\u00f5es. Iniciando-se em Carmona em 2018, passou para Lisboa em 2020 e,&hellip;<\/p>\n","protected":false},"author":2,"featured_media":0,"parent":0,"menu_order":0,"comment_status":"closed","ping_status":"closed","template":"","meta":{"footnotes":""},"class_list":["post-17","page","type-page","status-publish","hentry"],"_links":{"self":[{"href":"https:\/\/tagiberico.org\/index.php?rest_route=\/wp\/v2\/pages\/17","targetHints":{"allow":["GET"]}}],"collection":[{"href":"https:\/\/tagiberico.org\/index.php?rest_route=\/wp\/v2\/pages"}],"about":[{"href":"https:\/\/tagiberico.org\/index.php?rest_route=\/wp\/v2\/types\/page"}],"author":[{"embeddable":true,"href":"https:\/\/tagiberico.org\/index.php?rest_route=\/wp\/v2\/users\/2"}],"replies":[{"embeddable":true,"href":"https:\/\/tagiberico.org\/index.php?rest_route=%2Fwp%2Fv2%2Fcomments&post=17"}],"version-history":[{"count":26,"href":"https:\/\/tagiberico.org\/index.php?rest_route=\/wp\/v2\/pages\/17\/revisions"}],"predecessor-version":[{"id":294,"href":"https:\/\/tagiberico.org\/index.php?rest_route=\/wp\/v2\/pages\/17\/revisions\/294"}],"wp:attachment":[{"href":"https:\/\/tagiberico.org\/index.php?rest_route=%2Fwp%2Fv2%2Fmedia&parent=17"}],"curies":[{"name":"wp","href":"https:\/\/api.w.org\/{rel}","templated":true}]}}