{"id":117,"date":"2019-03-27T10:12:50","date_gmt":"2019-03-27T10:12:50","guid":{"rendered":"https:\/\/tagiberico.org\/?page_id=117"},"modified":"2019-03-27T10:13:46","modified_gmt":"2019-03-27T10:13:46","slug":"informe-tagi18","status":"publish","type":"page","link":"https:\/\/tagiberico.org\/?page_id=117","title":{"rendered":"Informe TAGi18"},"content":{"rendered":"\n<figure class=\"wp-block-image\"><img loading=\"lazy\" decoding=\"async\" width=\"1024\" height=\"1024\" src=\"https:\/\/tagiberico.org\/wp-content\/uploads\/2019\/03\/IMG_7827-1024x1024.jpg\" alt=\"\" class=\"wp-image-94\" srcset=\"https:\/\/tagiberico.org\/wp-content\/uploads\/2019\/03\/IMG_7827-1024x1024.jpg 1024w, https:\/\/tagiberico.org\/wp-content\/uploads\/2019\/03\/IMG_7827-150x150.jpg 150w, https:\/\/tagiberico.org\/wp-content\/uploads\/2019\/03\/IMG_7827-300x300.jpg 300w, https:\/\/tagiberico.org\/wp-content\/uploads\/2019\/03\/IMG_7827-768x768.jpg 768w, https:\/\/tagiberico.org\/wp-content\/uploads\/2019\/03\/IMG_7827-1600x1600.jpg 1600w\" sizes=\"auto, (max-width: 1024px) 100vw, 1024px\" \/><\/figure>\n\n\n\n<h3 class=\"wp-block-heading\">Informe: TAG Ib\u00e9rico 2018<\/h3>\n\n\n\n<p>Con el \u00e1nimo de fomentar el debate en\nteor\u00eda arqueol\u00f3gica dentro del \u00e1mbito ib\u00e9rico, buscamos comenzar a dar forma a\nun encuentro peninsular en el que poder congregar a todas aquellas personas\ninteresadas en el tema en torno a una serie de debates donde la discusi\u00f3n\nte\u00f3rica jugase un papel fundamental. Conscientes de la realidad del colectivo,\ndonde a pesar de haber bastante gente interesada en estos temas, resultan a\u00fan\nperif\u00e9ricos en la pr\u00e1ctica corriente, entre los objetivos espec\u00edficos del\nencuentro estaba el conocernos y compartir de un modo m\u00e1s cercano nuestras\ninquietudes. Para ello, se busc\u00f3 una sede peque\u00f1a y se evitaron los eventos\nparalelos, de tal manera que todos los participantes estuviesen juntos el mayor\ntiempo posible.<\/p>\n\n\n\n<p>El primer TAG Ib\u00e9rico tuvo lugar durante\nel primer fin de semana de febrero de 2018 en la localidad sevillana de\nCarmona. Las sesiones se desarrollaron en dos sedes; la Puerta de Sevilla, un\nenclave arqueol\u00f3gico dependiente del Ayuntamiento de Carmona, y el Conjunto\nArqueol\u00f3gico de Carmona, primer yacimiento-museo de Espa\u00f1a, dependiente de la\nJunta de Andaluc\u00eda.<\/p>\n\n\n\n<p>Adjuntamos algunos datos b\u00e1sicos sobre su\ndesarrollo.<\/p>\n\n\n\n<ul class=\"wp-block-list\"><li>1 Conferencia inaugural<\/li><li>1 Barferencia<\/li><li>5 Sesiones<\/li><li>20 Participaciones<\/li><li>1 Visita<\/li><li>48 Asistentes<\/li><li>7 voluntarios<\/li><li>2 Oyentes (sin inscripci\u00f3n)<\/li><li>2 becas<\/li><li>M\u00e1s de 30 horas juntos (desde la reuni\u00f3n hasta el fin de la visita)<\/li><\/ul>\n\n\n\n<figure class=\"wp-block-image\"><img loading=\"lazy\" decoding=\"async\" width=\"1024\" height=\"768\" src=\"https:\/\/tagiberico.org\/wp-content\/uploads\/2019\/03\/fullsizeoutput_6a1f-1024x768.jpeg\" alt=\"\" class=\"wp-image-90\" srcset=\"https:\/\/tagiberico.org\/wp-content\/uploads\/2019\/03\/fullsizeoutput_6a1f-1024x768.jpeg 1024w, https:\/\/tagiberico.org\/wp-content\/uploads\/2019\/03\/fullsizeoutput_6a1f-300x225.jpeg 300w, https:\/\/tagiberico.org\/wp-content\/uploads\/2019\/03\/fullsizeoutput_6a1f-768x576.jpeg 768w, https:\/\/tagiberico.org\/wp-content\/uploads\/2019\/03\/fullsizeoutput_6a1f-1600x1200.jpeg 1600w\" sizes=\"auto, (max-width: 1024px) 100vw, 1024px\" \/><figcaption>Beatriz Mar\u00edn Aguilera durante la conferencia inaugural<\/figcaption><\/figure>\n\n\n\n<p>La conferencia inaugural corri\u00f3 a cargo de Beatriz Mar\u00edn Aguilera (Cambridge University) con el t\u00edtulo: <strong>\u00ab\u00bfUn mundo post-colonial? Indigenismo, pol\u00edticas de \u201cdesarrollo\u201d y arqueolog\u00eda\u00bb<\/strong>. <\/p>\n\n\n\n<p>La \u2018barferencia\u2019 o \u2018sesi\u00f3n golfa\u2019 estuvo impartida por Daniel Garc\u00eda Raso (Investigador independiente) en torno al mundo de los videojuegos y la arqueolog\u00eda. Tuvo lugar en las caballerizas del Museo de Carmona (un bar abierto al p\u00fablico) y los asistentes de dentro y fuera del congreso pudieron probar diferentes juegos relacionados con el tema.<\/p>\n\n\n\n<figure class=\"wp-block-image\"><img loading=\"lazy\" decoding=\"async\" width=\"1024\" height=\"768\" src=\"https:\/\/tagiberico.org\/wp-content\/uploads\/2019\/03\/IMG_7783-1024x768.jpg\" alt=\"\" class=\"wp-image-91\" srcset=\"https:\/\/tagiberico.org\/wp-content\/uploads\/2019\/03\/IMG_7783-1024x768.jpg 1024w, https:\/\/tagiberico.org\/wp-content\/uploads\/2019\/03\/IMG_7783-300x225.jpg 300w, https:\/\/tagiberico.org\/wp-content\/uploads\/2019\/03\/IMG_7783-768x576.jpg 768w, https:\/\/tagiberico.org\/wp-content\/uploads\/2019\/03\/IMG_7783-1600x1200.jpg 1600w\" sizes=\"auto, (max-width: 1024px) 100vw, 1024px\" \/><figcaption>Daniel Garc\u00eda Raso durante la sesi\u00f3n golfa<\/figcaption><\/figure>\n\n\n\n<p>Las cinco sesiones\ngiraron en torno a temas muy variados, algunos de ellos no estrictamente\n\u2018te\u00f3ricos\u2019 pero de inter\u00e9s en el marco de desarrollo del colectivo. Las\nsesiones fueron:<\/p>\n\n\n\n<ul class=\"wp-block-list\"><li>S1: Cuerpos colonizados: Cultura material, discursos y poder [4 participaciones]<\/li><li>S2: Arqueolog\u00eda forense [3 participaciones]<\/li><li>S3: Arqueolog\u00eda y pensamiento verde [6 presentaciones]<\/li><li>S4: Midiendo la transformaci\u00f3n social de la arqueolog\u00eda p\u00fablica [3 participaciones]<\/li><li>S5: Construyendo a los primitivos: la proyecci\u00f3n de identidades contempor\u00e1neas en la Prehistoria [4 participaciones]<\/li><\/ul>\n\n\n\n<figure class=\"wp-block-image\"><img loading=\"lazy\" decoding=\"async\" width=\"1024\" height=\"467\" src=\"https:\/\/tagiberico.org\/wp-content\/uploads\/2019\/03\/fullsizeoutput_69fa-1024x467.jpeg\" alt=\"\" class=\"wp-image-92\" srcset=\"https:\/\/tagiberico.org\/wp-content\/uploads\/2019\/03\/fullsizeoutput_69fa-1024x467.jpeg 1024w, https:\/\/tagiberico.org\/wp-content\/uploads\/2019\/03\/fullsizeoutput_69fa-300x137.jpeg 300w, https:\/\/tagiberico.org\/wp-content\/uploads\/2019\/03\/fullsizeoutput_69fa-768x350.jpeg 768w, https:\/\/tagiberico.org\/wp-content\/uploads\/2019\/03\/fullsizeoutput_69fa-1600x729.jpeg 1600w\" sizes=\"auto, (max-width: 1024px) 100vw, 1024px\" \/><figcaption>Durante una sesi\u00f3n en el Connjunto Arqueol\u00f3gico de Carmona<\/figcaption><\/figure>\n\n\n\n<p>El \u00faltimo d\u00eda tuvimos una visita al Conjunto Arqueol\u00f3gico de Carmona y otros restos de la ciudad. Originalmente estaba planteada como una yincana, pero las condiciones meteorol\u00f3gicas y el tiempo nos obligaron a hacer una visita m\u00e1s tradicional.<\/p>\n\n\n\n<figure class=\"wp-block-image\"><img loading=\"lazy\" decoding=\"async\" width=\"1024\" height=\"768\" src=\"https:\/\/tagiberico.org\/wp-content\/uploads\/2019\/03\/IMG_7825-1024x768.jpg\" alt=\"\" class=\"wp-image-93\" srcset=\"https:\/\/tagiberico.org\/wp-content\/uploads\/2019\/03\/IMG_7825-1024x768.jpg 1024w, https:\/\/tagiberico.org\/wp-content\/uploads\/2019\/03\/IMG_7825-300x225.jpg 300w, https:\/\/tagiberico.org\/wp-content\/uploads\/2019\/03\/IMG_7825-768x576.jpg 768w, https:\/\/tagiberico.org\/wp-content\/uploads\/2019\/03\/IMG_7825-1600x1200.jpg 1600w\" sizes=\"auto, (max-width: 1024px) 100vw, 1024px\" \/><figcaption>Durante la visita a la Necr\u00f3polis de Carmona<\/figcaption><\/figure>\n\n\n\n<p>Los asistentes llegan\ndesde cuatro pa\u00edses diferentes, de varias regiones y un total de 22\ninstituciones, adem\u00e1s de investigadores independientes y empresas. En total\npasamos m\u00e1s de 30 horas juntos, contando el programa acad\u00e9mico y el social.<\/p>\n\n\n\n<p>Tenemos que agradecer la\nayuda inestimable de 7 personas de la asociaci\u00f3n Hesp\u00e9rides (estudiantes de la\nUniversidad de Sevilla) que nos ayudaron como voluntarios en la puesta en\nmarcha del congreso.<\/p>\n\n\n\n<p>Se pudieron dar 2 becas\nde alojamiento, inscripci\u00f3n y comidas a las dos personas que las solicitaron.<\/p>\n\n\n\n<p>En t\u00e9rminos econ\u00f3micos el\ncongreso ha sido sostenible. El respaldo de JAS Arqueolog\u00eda S.L.U. como\nco-organizador del congreso, supuso menos de una quinta parte del gasto total.\nUn resumen de las cuentas es:<\/p>\n\n\n\n<p><strong>Ingresos (2020\u20ac):<\/strong><\/p>\n\n\n\n<p>     1740\u20ac de inscripciones<\/p>\n\n\n\n<p>     280\u20ac de patrocinador<\/p>\n\n\n\n<p>     [a sumar compensaci\u00f3n de gasto de JAS Arqueolog\u00eda por 460\u20ac]<\/p>\n\n\n\n<p><strong>Gastos (2480\u20ac):<\/strong><\/p>\n\n\n\n<p>     910\u20ac de material<\/p>\n\n\n\n<p>     1470\u20ac de comidas<\/p>\n\n\n\n<p>     100\u20ac de becas<\/p>\n\n\n\n<p>El primer d\u00eda se\nestableci\u00f3 un sistema asambleario de toma de decisiones, respetando siempre la\nidea original del evento. En \u00e9l se cre\u00f3 una comunidad de inter\u00e9s que ir\u00e1\ntomando forma en los pr\u00f3ximos meses y que servir\u00e1 como \u00f3rgano rector del\nevento. Se mantiene el respaldo de JAS Arqueolog\u00eda S.L.U. que formar\u00e1 parte de\nla organizaci\u00f3n de los pr\u00f3ximos congresos.<\/p>\n\n\n\n<p>Habr\u00e1 una serie de\nmodificaciones en el proceso de gesti\u00f3n de participaciones (cambios en la web,\ntiempos, etc.) para facilitar el proceso. Se decidi\u00f3 que el congreso tuviera un\ncar\u00e1cter bianual. Igualmente se decidieron las dos pr\u00f3ximas sedes: Lisboa\n(2020) y Segovia (2022). La idea es que el congreso sea itinerante entre Espa\u00f1a\ny Portugal.<\/p>\n\n\n\n<p>La evaluaci\u00f3n del evento\nha sido en l\u00edneas generales positiva. La encuesta ha dado un 3,75 sobre 5 en el\nnivel de satisfacci\u00f3n general. Para los diferentes aspectos relacionados con el\ndesarrollo del congreso, se estableci\u00f3 un rango en comparaci\u00f3n con otras\nexperiencias siendo la mayor\u00eda de las respuestas en todos los aspectos igual o\nmejor que en otros congresos.<\/p>\n\n\n\n<p>Entre las cr\u00edticas, la\nmayor parte viene del desarrollo de las sesiones per se. No se respetaron las\npautas marcadas en el dise\u00f1o original, lo que ha llevado a descontento. Esto es\nun aspecto en el que deberemos incidir para pr\u00f3ximas ediciones, pero que es\nfallo de todos (ya que somos los que no las respetamos). Mayoritariamente se\nrechazan las sesiones paralelas, por lo que ser\u00e1 uno de los aspectos a\nmantener, y parece que el concepto de comunidad resulta esencial para todos los\nparticipantes y ha sido un \u00e9xito.<\/p>\n\n\n\n<p>Una de las\ncr\u00edticas-propuesta m\u00e1s extendidas viene de una separaci\u00f3n patente entre teor\u00eda\ny profesi\u00f3n que se pudo vivir en el congreso. Sin embargo, la nota positiva ha\nsido la creaci\u00f3n de un grupo paralelo que se reunir\u00e1 a finales de 2018 para\nhablar en concreto de estos temas.<\/p>\n\n\n\n<p>Sin m\u00e1s, \u00a1nos veremos de\nnuevo en Lisboa!<\/p>\n","protected":false},"excerpt":{"rendered":"<p>Informe: TAG Ib\u00e9rico 2018 Con el \u00e1nimo de fomentar el debate en teor\u00eda arqueol\u00f3gica dentro del \u00e1mbito ib\u00e9rico, buscamos comenzar&hellip;<\/p>\n","protected":false},"author":2,"featured_media":0,"parent":0,"menu_order":0,"comment_status":"closed","ping_status":"closed","template":"","meta":{"footnotes":""},"class_list":["post-117","page","type-page","status-publish","hentry"],"_links":{"self":[{"href":"https:\/\/tagiberico.org\/index.php?rest_route=\/wp\/v2\/pages\/117","targetHints":{"allow":["GET"]}}],"collection":[{"href":"https:\/\/tagiberico.org\/index.php?rest_route=\/wp\/v2\/pages"}],"about":[{"href":"https:\/\/tagiberico.org\/index.php?rest_route=\/wp\/v2\/types\/page"}],"author":[{"embeddable":true,"href":"https:\/\/tagiberico.org\/index.php?rest_route=\/wp\/v2\/users\/2"}],"replies":[{"embeddable":true,"href":"https:\/\/tagiberico.org\/index.php?rest_route=%2Fwp%2Fv2%2Fcomments&post=117"}],"version-history":[{"count":1,"href":"https:\/\/tagiberico.org\/index.php?rest_route=\/wp\/v2\/pages\/117\/revisions"}],"predecessor-version":[{"id":118,"href":"https:\/\/tagiberico.org\/index.php?rest_route=\/wp\/v2\/pages\/117\/revisions\/118"}],"wp:attachment":[{"href":"https:\/\/tagiberico.org\/index.php?rest_route=%2Fwp%2Fv2%2Fmedia&parent=117"}],"curies":[{"name":"wp","href":"https:\/\/api.w.org\/{rel}","templated":true}]}}